{"id":1155,"date":"2021-08-10T05:58:38","date_gmt":"2021-08-10T05:58:38","guid":{"rendered":"http:\/\/kaindl-bgb.at\/?page_id=1155"},"modified":"2024-11-22T20:25:29","modified_gmt":"2024-11-22T20:25:29","slug":"e-bike-versicherung","status":"publish","type":"page","link":"https:\/\/kaindl-bgb.at\/?page_id=1155","title":{"rendered":"Radversicherung"},"content":{"rendered":"\t\t<div data-elementor-type=\"wp-post\" data-elementor-id=\"1155\" class=\"elementor elementor-1155\">\n\t\t\t\t\t\t<section class=\"elementor-section elementor-top-section elementor-element elementor-element-7321ad7 elementor-section-full_width elementor-section-content-bottom elementor-section-height-default elementor-section-height-default\" data-id=\"7321ad7\" data-element_type=\"section\" data-settings=\"{&quot;background_background&quot;:&quot;classic&quot;}\">\n\t\t\t\t\t\t<div class=\"elementor-container elementor-column-gap-no\">\n\t\t\t\t\t<div class=\"elementor-column elementor-col-100 elementor-top-column elementor-element elementor-element-f3ddb08\" data-id=\"f3ddb08\" data-element_type=\"column\">\n\t\t\t<div class=\"elementor-widget-wrap elementor-element-populated\">\n\t\t\t\t\t\t<div class=\"elementor-element elementor-element-0686c30 elementor-widget elementor-widget-heading\" data-id=\"0686c30\" data-element_type=\"widget\" data-widget_type=\"heading.default\">\n\t\t\t\t<div class=\"elementor-widget-container\">\n\t\t\t<h5 class=\"elementor-heading-title elementor-size-default\">E-Bike Versicherung<\/h5>\t\t<\/div>\n\t\t\t\t<\/div>\n\t\t\t\t<div class=\"elementor-element elementor-element-86721b2 elementor-widget elementor-widget-heading\" data-id=\"86721b2\" data-element_type=\"widget\" data-widget_type=\"heading.default\">\n\t\t\t\t<div class=\"elementor-widget-container\">\n\t\t\t<h1 class=\"elementor-heading-title elementor-size-default\">Fase24<\/h1>\t\t<\/div>\n\t\t\t\t<\/div>\n\t\t\t\t\t<\/div>\n\t\t<\/div>\n\t\t\t\t\t<\/div>\n\t\t<\/section>\n\t\t\t\t<section class=\"elementor-section elementor-top-section elementor-element elementor-element-a4a89c4 elementor-section-full_width elementor-section-content-middle elementor-section-height-default elementor-section-height-default\" data-id=\"a4a89c4\" data-element_type=\"section\" data-settings=\"{&quot;background_background&quot;:&quot;classic&quot;}\">\n\t\t\t\t\t\t<div class=\"elementor-container elementor-column-gap-no\">\n\t\t\t\t\t<div class=\"elementor-column elementor-col-100 elementor-top-column elementor-element elementor-element-ac5804a\" data-id=\"ac5804a\" data-element_type=\"column\">\n\t\t\t<div class=\"elementor-widget-wrap elementor-element-populated\">\n\t\t\t\t\t\t<div class=\"elementor-element elementor-element-fe43c05 elementor-widget elementor-widget-heading\" data-id=\"fe43c05\" data-element_type=\"widget\" data-widget_type=\"heading.default\">\n\t\t\t\t<div class=\"elementor-widget-container\">\n\t\t\t<h1 class=\"elementor-heading-title elementor-size-default\">Versicherung abschlie\u00dfen unter:<\/h1>\t\t<\/div>\n\t\t\t\t<\/div>\n\t\t\t\t<div class=\"elementor-element elementor-element-c43998b elementor-widget elementor-widget-text-editor\" data-id=\"c43998b\" data-element_type=\"widget\" data-widget_type=\"text-editor.default\">\n\t\t\t\t<div class=\"elementor-widget-container\">\n\t\t\t\t\t\t\t<h5><a href=\"https:\/\/www.fase24-registrierungen.at\/publicregistration.aspx?PIN=93bSd92a\" target=\"_blank\" rel=\"noopener\">https:\/\/www.fase24-registrierungen.at\/publicregistration.aspx?PIN=93bSd92a<\/a><\/h5>\t\t\t\t\t\t<\/div>\n\t\t\t\t<\/div>\n\t\t\t\t\t<\/div>\n\t\t<\/div>\n\t\t\t\t\t<\/div>\n\t\t<\/section>\n\t\t\t\t<section class=\"elementor-section elementor-top-section elementor-element elementor-element-40e8501 elementor-section-full_width elementor-section-content-middle elementor-section-height-default elementor-section-height-default\" data-id=\"40e8501\" data-element_type=\"section\" data-settings=\"{&quot;background_background&quot;:&quot;classic&quot;}\">\n\t\t\t\t\t\t<div class=\"elementor-container elementor-column-gap-no\">\n\t\t\t\t\t<div class=\"elementor-column elementor-col-100 elementor-top-column elementor-element elementor-element-e2cc1c1\" data-id=\"e2cc1c1\" data-element_type=\"column\">\n\t\t\t<div class=\"elementor-widget-wrap elementor-element-populated\">\n\t\t\t\t\t\t<div class=\"elementor-element elementor-element-d3dc44f elementor-widget elementor-widget-heading\" data-id=\"d3dc44f\" data-element_type=\"widget\" data-widget_type=\"heading.default\">\n\t\t\t\t<div class=\"elementor-widget-container\">\n\t\t\t<h2 class=\"elementor-heading-title elementor-size-default\">Bausteine<\/h2>\t\t<\/div>\n\t\t\t\t<\/div>\n\t\t\t\t<div class=\"elementor-element elementor-element-6791d27 elementor-widget elementor-widget-text-editor\" data-id=\"6791d27\" data-element_type=\"widget\" data-widget_type=\"text-editor.default\">\n\t\t\t\t<div class=\"elementor-widget-container\">\n\t\t\t\t\t\t\t<ul><li>Registrierung des Bikes bei der fase24 Registrierungsdatenbank<\/li><li>Versicherungsschutz inkl. Assistance Leistungen von Allianz Partners<\/li><\/ul>\t\t\t\t\t\t<\/div>\n\t\t\t\t<\/div>\n\t\t\t\t\t<\/div>\n\t\t<\/div>\n\t\t\t\t\t<\/div>\n\t\t<\/section>\n\t\t\t\t<section class=\"elementor-section elementor-top-section elementor-element elementor-element-8c8670e elementor-section-full_width elementor-section-content-middle elementor-section-height-default elementor-section-height-default\" data-id=\"8c8670e\" data-element_type=\"section\">\n\t\t\t\t\t\t<div class=\"elementor-container elementor-column-gap-no\">\n\t\t\t\t\t<div class=\"elementor-column elementor-col-100 elementor-top-column elementor-element elementor-element-0c2e31a\" data-id=\"0c2e31a\" data-element_type=\"column\">\n\t\t\t<div class=\"elementor-widget-wrap elementor-element-populated\">\n\t\t\t\t\t\t<div class=\"elementor-element elementor-element-ac654b8 elementor-widget elementor-widget-heading\" data-id=\"ac654b8\" data-element_type=\"widget\" data-widget_type=\"heading.default\">\n\t\t\t\t<div class=\"elementor-widget-container\">\n\t\t\t<h2 class=\"elementor-heading-title elementor-size-default\">Highlights auf einen Blick:<\/h2>\t\t<\/div>\n\t\t\t\t<\/div>\n\t\t\t\t<div class=\"elementor-element elementor-element-bbbc517 elementor-widget elementor-widget-text-editor\" data-id=\"bbbc517\" data-element_type=\"widget\" data-widget_type=\"text-editor.default\">\n\t\t\t\t<div class=\"elementor-widget-container\">\n\t\t\t\t\t\t\t<ul><li>Registrierung Ihres Bikes bei fase24 inklusive<\/li><li>Kein Selbstbehalt (au\u00dfer bei Diebstahl auf Mallorca)<\/li><li>5 Jahre Neuwertersatz bei Diebstahl &amp; Totalschaden<\/li><li>\u00dcbernahme von Reparaturkosten bei Unfall-, Sturz-, Pannensch\u00e4den &amp; Handhabungssch\u00e4den inkl. Teile<\/li><li>Bis zu 5 Jahre \u00dcbernahme der Kosten eines defekten Akkus, sogar bei Frostsch\u00e4den<\/li><li>Versicherungsschutz gilt auch f\u00fcr einen beim Kauf serienm\u00e4\u00dfig enthaltenen Zweitakku<\/li><li>Organisation von R\u00fccktransport &amp; Wiederherstellung der Mobilit\u00e4t bis zu EUR 200,- mitversichert<\/li><li>Versicherungsschutz in \u00d6sterreich, in den Nachbarstaaten sowie in Kroatien &amp; Mallorca<\/li><li>E-Bikes &amp; Fahrr\u00e4der bis 12.000 \u20ac sind bis zu 12 Monate nach dem Kauf versicherbar<\/li><li>Versicherung von Firmenr\u00e4dern m\u00f6glich (e.U., GmbH, etc.)<\/li><li>Auch Leihr\u00e4der von Beherbergungsbetrieben\/Hotels k\u00f6nnen ab sofort versichert werden<\/li><li>Das Bike ist mit einem Sicherheitsschloss (UVP mind. 50 EUR) zu sichern. Das zus\u00e4tzliche Anh\u00e4ngen an einem festen Gegenstand wird empfohlen<\/li><li>Pr\u00e4mien ab EUR 70,- j\u00e4hrlich<\/li><\/ul>\t\t\t\t\t\t<\/div>\n\t\t\t\t<\/div>\n\t\t\t\t\t<\/div>\n\t\t<\/div>\n\t\t\t\t\t<\/div>\n\t\t<\/section>\n\t\t\t\t<section class=\"elementor-section elementor-top-section elementor-element elementor-element-6548990 elementor-section-full_width elementor-section-content-middle elementor-section-height-default elementor-section-height-default\" data-id=\"6548990\" data-element_type=\"section\" data-settings=\"{&quot;background_background&quot;:&quot;classic&quot;}\">\n\t\t\t\t\t\t<div class=\"elementor-container elementor-column-gap-no\">\n\t\t\t\t\t<div class=\"elementor-column elementor-col-100 elementor-top-column elementor-element elementor-element-44f9162\" data-id=\"44f9162\" data-element_type=\"column\">\n\t\t\t<div class=\"elementor-widget-wrap elementor-element-populated\">\n\t\t\t\t\t\t<div class=\"elementor-element elementor-element-5443394 elementor-widget elementor-widget-heading\" data-id=\"5443394\" data-element_type=\"widget\" data-widget_type=\"heading.default\">\n\t\t\t\t<div class=\"elementor-widget-container\">\n\t\t\t<h2 class=\"elementor-heading-title elementor-size-default\">Pr\u00e4mien<\/h2>\t\t<\/div>\n\t\t\t\t<\/div>\n\t\t\t\t<div class=\"elementor-element elementor-element-58bb238 elementor-widget elementor-widget-image\" data-id=\"58bb238\" data-element_type=\"widget\" data-widget_type=\"image.default\">\n\t\t\t\t<div class=\"elementor-widget-container\">\n\t\t\t\t\t\t\t\t\t\t\t\t\t<img fetchpriority=\"high\" decoding=\"async\" width=\"2632\" height=\"1182\" src=\"https:\/\/kaindl-bgb.at\/wp-content\/uploads\/2021\/08\/Praemien.png\" class=\"attachment-full size-full wp-image-1164\" alt=\"\" srcset=\"https:\/\/kaindl-bgb.at\/wp-content\/uploads\/2021\/08\/Praemien.png 2632w, https:\/\/kaindl-bgb.at\/wp-content\/uploads\/2021\/08\/Praemien-300x135.png 300w, https:\/\/kaindl-bgb.at\/wp-content\/uploads\/2021\/08\/Praemien-1024x460.png 1024w, https:\/\/kaindl-bgb.at\/wp-content\/uploads\/2021\/08\/Praemien-768x345.png 768w, https:\/\/kaindl-bgb.at\/wp-content\/uploads\/2021\/08\/Praemien-1536x690.png 1536w, https:\/\/kaindl-bgb.at\/wp-content\/uploads\/2021\/08\/Praemien-2048x920.png 2048w\" sizes=\"(max-width: 2632px) 100vw, 2632px\" \/>\t\t\t\t\t\t\t\t\t\t\t\t\t<\/div>\n\t\t\t\t<\/div>\n\t\t\t\t\t<\/div>\n\t\t<\/div>\n\t\t\t\t\t<\/div>\n\t\t<\/section>\n\t\t\t\t<section class=\"elementor-section elementor-top-section elementor-element elementor-element-d2eecc4 elementor-section-full_width elementor-section-content-middle elementor-hidden-mobile elementor-section-height-default elementor-section-height-default\" data-id=\"d2eecc4\" data-element_type=\"section\" data-settings=\"{&quot;background_background&quot;:&quot;classic&quot;}\">\n\t\t\t\t\t\t<div class=\"elementor-container elementor-column-gap-no\">\n\t\t\t\t\t<div class=\"elementor-column elementor-col-100 elementor-top-column elementor-element elementor-element-8c6bf8a\" data-id=\"8c6bf8a\" data-element_type=\"column\">\n\t\t\t<div class=\"elementor-widget-wrap elementor-element-populated\">\n\t\t\t\t\t\t<div class=\"elementor-element elementor-element-d442ef8 elementor-widget elementor-widget-heading\" data-id=\"d442ef8\" data-element_type=\"widget\" data-widget_type=\"heading.default\">\n\t\t\t\t<div class=\"elementor-widget-container\">\n\t\t\t<h2 class=\"elementor-heading-title elementor-size-default\">FAQ<\/h2>\t\t<\/div>\n\t\t\t\t<\/div>\n\t\t\t\t<div class=\"elementor-element elementor-element-b7fa74d elementor-tabs-view-vertical elementor-widget elementor-widget-tabs\" data-id=\"b7fa74d\" data-element_type=\"widget\" data-widget_type=\"tabs.default\">\n\t\t\t\t<div class=\"elementor-widget-container\">\n\t\t\t\t\t<div class=\"elementor-tabs\">\n\t\t\t<div class=\"elementor-tabs-wrapper\" role=\"tablist\" >\n\t\t\t\t\t\t\t\t\t<div id=\"elementor-tab-title-1921\" class=\"elementor-tab-title elementor-tab-desktop-title\" aria-selected=\"true\" data-tab=\"1\" role=\"tab\" tabindex=\"0\" aria-controls=\"elementor-tab-content-1921\" aria-expanded=\"false\">Welche R\u00e4der k\u00f6nnen mit bikePAYMENT versichert werden?<\/div>\n\t\t\t\t\t\t\t\t\t<div id=\"elementor-tab-title-1922\" class=\"elementor-tab-title elementor-tab-desktop-title\" aria-selected=\"false\" data-tab=\"2\" role=\"tab\" tabindex=\"-1\" aria-controls=\"elementor-tab-content-1922\" aria-expanded=\"false\">Wie wird der Schaden\/Diebstahl gemeldet?<\/div>\n\t\t\t\t\t\t\t\t\t<div id=\"elementor-tab-title-1923\" class=\"elementor-tab-title elementor-tab-desktop-title\" aria-selected=\"false\" data-tab=\"3\" role=\"tab\" tabindex=\"-1\" aria-controls=\"elementor-tab-content-1923\" aria-expanded=\"false\">Wie wird eine Panne gemeldet, bei der Sie vor Ort Hilfe ben\u00f6tigen?<\/div>\n\t\t\t\t\t\t\t\t\t<div id=\"elementor-tab-title-1924\" class=\"elementor-tab-title elementor-tab-desktop-title\" aria-selected=\"false\" data-tab=\"4\" role=\"tab\" tabindex=\"-1\" aria-controls=\"elementor-tab-content-1924\" aria-expanded=\"false\">Gegen welche Gefahren ist Ihr Fahrrad\/E-Bike versichert?<\/div>\n\t\t\t\t\t\t\t<\/div>\n\t\t\t<div class=\"elementor-tabs-content-wrapper\" role=\"tablist\" aria-orientation=\"vertical\">\n\t\t\t\t\t\t\t\t\t<div class=\"elementor-tab-title elementor-tab-mobile-title\" aria-selected=\"true\" data-tab=\"1\" role=\"tab\" tabindex=\"0\" aria-controls=\"elementor-tab-content-1921\" aria-expanded=\"false\">Welche R\u00e4der k\u00f6nnen mit bikePAYMENT versichert werden?<\/div>\n\t\t\t\t\t<div id=\"elementor-tab-content-1921\" class=\"elementor-tab-content elementor-clearfix\" data-tab=\"1\" role=\"tabpanel\" aria-labelledby=\"elementor-tab-title-1921\" tabindex=\"0\" hidden=\"false\"><p>Versichert werden k\u00f6nnen alle Fahrr\u00e4der und E-Bikes bis zu einem Gesamtkaufpreis von 12.000 \u20ac brutto. Der Versicherungsabschluss ist bis zu 12 Monate nach dem Kauf m\u00f6glich, wenn sich das Rad im unbesch\u00e4digten Zustand befindet und im Zuge der fase24 Registrierung ein aktuelles Foto des Bikes hochgeladen wird. \u00a0Die Mindestvertragslaufzeit betr\u00e4gt 2 Jahre.<\/p><\/div>\n\t\t\t\t\t\t\t\t\t<div class=\"elementor-tab-title elementor-tab-mobile-title\" aria-selected=\"false\" data-tab=\"2\" role=\"tab\" tabindex=\"-1\" aria-controls=\"elementor-tab-content-1922\" aria-expanded=\"false\">Wie wird der Schaden\/Diebstahl gemeldet?<\/div>\n\t\t\t\t\t<div id=\"elementor-tab-content-1922\" class=\"elementor-tab-content elementor-clearfix\" data-tab=\"2\" role=\"tabpanel\" aria-labelledby=\"elementor-tab-title-1922\" tabindex=\"0\" hidden=\"hidden\"><p>\u00dcber den Men\u00fcpunkt\u00a0\u201ebikePAYMENT Schadensmeldung\u201c auf <a href=\"http:\/\/www.fase24.at\" target=\"_blank\" rel=\"noopener\">www.fase24.at<\/a> \u00a0gelangen Sie zu den Online-Schadensformularen.<\/p><\/div>\n\t\t\t\t\t\t\t\t\t<div class=\"elementor-tab-title elementor-tab-mobile-title\" aria-selected=\"false\" data-tab=\"3\" role=\"tab\" tabindex=\"-1\" aria-controls=\"elementor-tab-content-1923\" aria-expanded=\"false\">Wie wird eine Panne gemeldet, bei der Sie vor Ort Hilfe ben\u00f6tigen?<\/div>\n\t\t\t\t\t<div id=\"elementor-tab-content-1923\" class=\"elementor-tab-content elementor-clearfix\" data-tab=\"3\" role=\"tabpanel\" aria-labelledby=\"elementor-tab-title-1923\" tabindex=\"0\" hidden=\"hidden\"><p>Telefonisch unter\u00a0+43 1 525 036 875, Montag bis Sonntag von 0 bis 24 Uhr<\/p><\/div>\n\t\t\t\t\t\t\t\t\t<div class=\"elementor-tab-title elementor-tab-mobile-title\" aria-selected=\"false\" data-tab=\"4\" role=\"tab\" tabindex=\"-1\" aria-controls=\"elementor-tab-content-1924\" aria-expanded=\"false\">Gegen welche Gefahren ist Ihr Fahrrad\/E-Bike versichert?<\/div>\n\t\t\t\t\t<div id=\"elementor-tab-content-1924\" class=\"elementor-tab-content elementor-clearfix\" data-tab=\"4\" role=\"tabpanel\" aria-labelledby=\"elementor-tab-title-1924\" tabindex=\"0\" hidden=\"hidden\"><p><img decoding=\"async\" class=\"alignnone wp-image-1159 size-full\" src=\"http:\/\/kaindl-bgb.at\/wp-content\/uploads\/2021\/08\/Gefahren.png\" alt=\"\" width=\"1654\" height=\"672\" srcset=\"https:\/\/kaindl-bgb.at\/wp-content\/uploads\/2021\/08\/Gefahren.png 1654w, https:\/\/kaindl-bgb.at\/wp-content\/uploads\/2021\/08\/Gefahren-300x122.png 300w, https:\/\/kaindl-bgb.at\/wp-content\/uploads\/2021\/08\/Gefahren-1024x416.png 1024w, https:\/\/kaindl-bgb.at\/wp-content\/uploads\/2021\/08\/Gefahren-768x312.png 768w, https:\/\/kaindl-bgb.at\/wp-content\/uploads\/2021\/08\/Gefahren-1536x624.png 1536w\" sizes=\"(max-width: 1654px) 100vw, 1654px\" \/><\/p><\/div>\n\t\t\t\t\t\t\t<\/div>\n\t\t<\/div>\n\t\t\t\t<\/div>\n\t\t\t\t<\/div>\n\t\t\t\t\t<\/div>\n\t\t<\/div>\n\t\t\t\t\t<\/div>\n\t\t<\/section>\n\t\t\t\t<section class=\"elementor-section elementor-top-section elementor-element elementor-element-49e59fa elementor-section-full_width elementor-section-content-middle elementor-hidden-desktop elementor-hidden-tablet elementor-section-height-default elementor-section-height-default\" data-id=\"49e59fa\" data-element_type=\"section\" data-settings=\"{&quot;background_background&quot;:&quot;classic&quot;}\">\n\t\t\t\t\t\t<div class=\"elementor-container elementor-column-gap-no\">\n\t\t\t\t\t<div class=\"elementor-column elementor-col-100 elementor-top-column elementor-element elementor-element-df1d49e\" data-id=\"df1d49e\" data-element_type=\"column\">\n\t\t\t<div class=\"elementor-widget-wrap elementor-element-populated\">\n\t\t\t\t\t\t<div class=\"elementor-element elementor-element-f31c52c elementor-widget elementor-widget-heading\" data-id=\"f31c52c\" data-element_type=\"widget\" data-widget_type=\"heading.default\">\n\t\t\t\t<div class=\"elementor-widget-container\">\n\t\t\t<h2 class=\"elementor-heading-title elementor-size-default\">FAQ<\/h2>\t\t<\/div>\n\t\t\t\t<\/div>\n\t\t\t\t<div class=\"elementor-element elementor-element-60f3b94 elementor-widget elementor-widget-text-editor\" data-id=\"60f3b94\" data-element_type=\"widget\" data-widget_type=\"text-editor.default\">\n\t\t\t\t<div class=\"elementor-widget-container\">\n\t\t\t\t\t\t\t<p><strong><span style=\"font-size: 13.68px;\">Welche R\u00e4der k\u00f6nnen mit bikePAYMENT versichert werden?<\/span><\/strong><\/p><p><span style=\"font-size: 13.68px; color: var( --e-global-color-text );\">Versichert werden k\u00f6nnen alle Fahrr\u00e4der und E-Bikes bis zu einem Gesamtkaufpreis von 12.000 \u20ac brutto. Der Versicherungsabschluss ist bis zu 12 Monate nach dem Kauf m\u00f6glich, wenn sich das Rad im unbesch\u00e4digten Zustand befindet und im Zuge der fase24 Registrierung ein aktuelles Foto des Bikes hochgeladen wird. \u00a0Die Mindestvertragslaufzeit betr\u00e4gt 2 Jahre.<\/span><\/p>\t\t\t\t\t\t<\/div>\n\t\t\t\t<\/div>\n\t\t\t\t<div class=\"elementor-element elementor-element-bd2ee2b elementor-widget-divider--view-line elementor-widget elementor-widget-divider\" data-id=\"bd2ee2b\" data-element_type=\"widget\" data-widget_type=\"divider.default\">\n\t\t\t\t<div class=\"elementor-widget-container\">\n\t\t\t\t\t<div class=\"elementor-divider\">\n\t\t\t<span class=\"elementor-divider-separator\">\n\t\t\t\t\t\t<\/span>\n\t\t<\/div>\n\t\t\t\t<\/div>\n\t\t\t\t<\/div>\n\t\t\t\t<div class=\"elementor-element elementor-element-e4b9d8a elementor-widget elementor-widget-text-editor\" data-id=\"e4b9d8a\" data-element_type=\"widget\" data-widget_type=\"text-editor.default\">\n\t\t\t\t<div class=\"elementor-widget-container\">\n\t\t\t\t\t\t\t<p><strong>Wie wird der Schaden\/Diebstahl gemeldet<\/strong><\/p><p><span style=\"font-size: 13.68px; color: var( --e-global-color-text );\">\u00dcber den Men\u00fcpunkt\u00a0\u201ebikePAYMENT Schadensmeldung\u201c auf <\/span><a style=\"font-size: 13.68px; background-color: #ffffff;\" href=\"http:\/\/www.fase24.at\" target=\"_blank\" rel=\"noopener\">www.fase24.at<\/a><span style=\"font-size: 13.68px; color: var( --e-global-color-text );\"> \u00a0gelangen Sie zu den Online-Schadensformularen.<\/span><\/p>\t\t\t\t\t\t<\/div>\n\t\t\t\t<\/div>\n\t\t\t\t<div class=\"elementor-element elementor-element-d89a0d8 elementor-widget-divider--view-line elementor-widget elementor-widget-divider\" data-id=\"d89a0d8\" data-element_type=\"widget\" data-widget_type=\"divider.default\">\n\t\t\t\t<div class=\"elementor-widget-container\">\n\t\t\t\t\t<div class=\"elementor-divider\">\n\t\t\t<span class=\"elementor-divider-separator\">\n\t\t\t\t\t\t<\/span>\n\t\t<\/div>\n\t\t\t\t<\/div>\n\t\t\t\t<\/div>\n\t\t\t\t<div class=\"elementor-element elementor-element-44e71e0 elementor-widget elementor-widget-text-editor\" data-id=\"44e71e0\" data-element_type=\"widget\" data-widget_type=\"text-editor.default\">\n\t\t\t\t<div class=\"elementor-widget-container\">\n\t\t\t\t\t\t\t<p><strong>Wie wird eine Panne gemeldet, bei der Sie vor Ort Hilfe ben\u00f6tigen?<\/strong><\/p><p><span style=\"font-size: 13.68px; color: var( --e-global-color-text );\">Telefonisch unter\u00a0+43 1 525 036 875, Montag bis Sonntag von 0 bis 24 Uhr<\/span><\/p>\t\t\t\t\t\t<\/div>\n\t\t\t\t<\/div>\n\t\t\t\t<div class=\"elementor-element elementor-element-dd36ca7 elementor-widget-divider--view-line elementor-widget elementor-widget-divider\" data-id=\"dd36ca7\" data-element_type=\"widget\" data-widget_type=\"divider.default\">\n\t\t\t\t<div class=\"elementor-widget-container\">\n\t\t\t\t\t<div class=\"elementor-divider\">\n\t\t\t<span class=\"elementor-divider-separator\">\n\t\t\t\t\t\t<\/span>\n\t\t<\/div>\n\t\t\t\t<\/div>\n\t\t\t\t<\/div>\n\t\t\t\t<div class=\"elementor-element elementor-element-fc1d522 elementor-widget elementor-widget-text-editor\" data-id=\"fc1d522\" data-element_type=\"widget\" data-widget_type=\"text-editor.default\">\n\t\t\t\t<div class=\"elementor-widget-container\">\n\t\t\t\t\t\t\t<p><strong>Gegen welche Gefahren ist Ihr Fahrrad\/E-Bike versichert?<\/strong><\/p>\t\t\t\t\t\t<\/div>\n\t\t\t\t<\/div>\n\t\t\t\t<div class=\"elementor-element elementor-element-5841250 elementor-widget elementor-widget-image\" data-id=\"5841250\" data-element_type=\"widget\" data-widget_type=\"image.default\">\n\t\t\t\t<div class=\"elementor-widget-container\">\n\t\t\t\t\t\t\t\t\t\t\t\t\t<img decoding=\"async\" width=\"1024\" height=\"416\" src=\"https:\/\/kaindl-bgb.at\/wp-content\/uploads\/2021\/08\/Gefahren-1024x416.png\" class=\"attachment-large size-large wp-image-1159\" alt=\"\" srcset=\"https:\/\/kaindl-bgb.at\/wp-content\/uploads\/2021\/08\/Gefahren-1024x416.png 1024w, https:\/\/kaindl-bgb.at\/wp-content\/uploads\/2021\/08\/Gefahren-300x122.png 300w, https:\/\/kaindl-bgb.at\/wp-content\/uploads\/2021\/08\/Gefahren-768x312.png 768w, https:\/\/kaindl-bgb.at\/wp-content\/uploads\/2021\/08\/Gefahren-1536x624.png 1536w, https:\/\/kaindl-bgb.at\/wp-content\/uploads\/2021\/08\/Gefahren.png 1654w\" sizes=\"(max-width: 1024px) 100vw, 1024px\" \/>\t\t\t\t\t\t\t\t\t\t\t\t\t<\/div>\n\t\t\t\t<\/div>\n\t\t\t\t\t<\/div>\n\t\t<\/div>\n\t\t\t\t\t<\/div>\n\t\t<\/section>\n\t\t\t\t<section class=\"elementor-section elementor-top-section elementor-element elementor-element-0aef5b9 elementor-section-full_width elementor-section-content-middle elementor-section-height-default elementor-section-height-default\" data-id=\"0aef5b9\" data-element_type=\"section\" data-settings=\"{&quot;background_background&quot;:&quot;classic&quot;}\">\n\t\t\t\t\t\t<div class=\"elementor-container elementor-column-gap-no\">\n\t\t\t\t\t<div class=\"elementor-column elementor-col-100 elementor-top-column elementor-element elementor-element-43f94df\" data-id=\"43f94df\" data-element_type=\"column\">\n\t\t\t<div class=\"elementor-widget-wrap elementor-element-populated\">\n\t\t\t\t\t\t<div class=\"elementor-element elementor-element-de209f0 elementor-widget elementor-widget-heading\" data-id=\"de209f0\" data-element_type=\"widget\" data-widget_type=\"heading.default\">\n\t\t\t\t<div class=\"elementor-widget-container\">\n\t\t\t<h2 class=\"elementor-heading-title elementor-size-default\">Schutzpaket gleich online beantragen:<\/h2>\t\t<\/div>\n\t\t\t\t<\/div>\n\t\t\t\t<div class=\"elementor-element elementor-element-8607ed1 elementor-widget elementor-widget-text-editor\" data-id=\"8607ed1\" data-element_type=\"widget\" data-widget_type=\"text-editor.default\">\n\t\t\t\t<div class=\"elementor-widget-container\">\n\t\t\t\t\t\t\t<p><a href=\"https:\/\/www.fase24-registrierungen.at\/publicregistration.aspx?PIN=93bSd92a\" target=\"_blank\" rel=\"noopener\">https:\/\/www.fase24-registrierungen.at\/publicregistration.aspx?PIN=93bSd92a<\/a><\/p>\t\t\t\t\t\t<\/div>\n\t\t\t\t<\/div>\n\t\t\t\t<div class=\"elementor-element elementor-element-6fd158e elementor-widget elementor-widget-text-editor\" data-id=\"6fd158e\" data-element_type=\"widget\" data-widget_type=\"text-editor.default\">\n\t\t\t\t<div class=\"elementor-widget-container\">\n\t\t\t\t\t\t\t<ul><li>Ihre E-Mail-Adresse<\/li><li>Foto der Rechnung Ihres Fahrrades\/E-Bikes<\/li><li>Rahmennummer Ihres Bikes<\/li><li>Foto Ihres amtlich g\u00fcltigen Lichtbildausweises (Personalausweis, F\u00fchrerschein oder Reisepass)<\/li><li>Foto des Fahrrades<\/li><li>Foto der Rechnung Ihres Fahrradschlosses (oder Schlossbest\u00e4tigung &#8211; siehe Downloads). Der Wert des Schlosses muss mindestens 50 Euro betragen!<\/li><li>IBAN (f\u00fcr den SEPA-Einzug der j\u00e4hrlichen Versicherungspr\u00e4mie)<\/li><\/ul>\t\t\t\t\t\t<\/div>\n\t\t\t\t<\/div>\n\t\t\t\t<div class=\"elementor-element elementor-element-143f0e5 elementor-widget elementor-widget-text-editor\" data-id=\"143f0e5\" data-element_type=\"widget\" data-widget_type=\"text-editor.default\">\n\t\t\t\t<div class=\"elementor-widget-container\">\n\t\t\t\t\t\t\t<ul><li>Setzen Sie bitte im Registrierungsformular einen Haken beim Feld &#8222;Ja, ich m\u00f6chte f\u00fcr mein E-Bike \/ Fahrrad ein bikePAYMENT-Schutzpaket beantragen&#8220;.<\/li><li>Bitte kontrollieren Sie Ihre Angaben! \u00c4nderungen der Rahmennummer oder der hochgeladenen Bilder sind im Nachhinein nicht m\u00f6glich.<\/li><li>Das passende Schutzpaket (E-Bike oder Fahrrad) wird automatisch anhand Ihrer eingegebenen Daten ermittelt.<\/li><li>Nachdem Sie alle Daten eingegeben und best\u00e4tigt haben, erhalten Sie alle weiteren Unterlagen per Mail zugesendet. Bitte kontrollieren Sie hierf\u00fcr auch Ihren SPAM-Ordner.<\/li><\/ul>\t\t\t\t\t\t<\/div>\n\t\t\t\t<\/div>\n\t\t\t\t\t<\/div>\n\t\t<\/div>\n\t\t\t\t\t<\/div>\n\t\t<\/section>\n\t\t\t\t<\/div>\n\t\t","protected":false},"excerpt":{"rendered":"<p>E-Bike Versicherung Fase24 Versicherung abschlie\u00dfen unter: https:\/\/www.fase24-registrierungen.at\/publicregistration.aspx?PIN=93bSd92a Bausteine Registrierung des Bikes bei der fase24 Registrierungsdatenbank Versicherungsschutz inkl. Assistance Leistungen von Allianz Partners Highlights auf einen Blick: Registrierung Ihres Bikes bei fase24 inklusive Kein Selbstbehalt (au\u00dfer bei Diebstahl auf Mallorca) 5 Jahre Neuwertersatz bei Diebstahl &amp; Totalschaden \u00dcbernahme von Reparaturkosten bei Unfall-, Sturz-, Pannensch\u00e4den &amp; Handhabungssch\u00e4den [&hellip;]<\/p>\n","protected":false},"author":2,"featured_media":0,"parent":0,"menu_order":0,"comment_status":"closed","ping_status":"closed","template":"","meta":{"site-sidebar-layout":"no-sidebar","site-content-layout":"page-builder","ast-site-content-layout":"","site-content-style":"default","site-sidebar-style":"default","ast-global-header-display":"","ast-banner-title-visibility":"","ast-main-header-display":"","ast-hfb-above-header-display":"","ast-hfb-below-header-display":"","ast-hfb-mobile-header-display":"","site-post-title":"disabled","ast-breadcrumbs-content":"","ast-featured-img":"disabled","footer-sml-layout":"","theme-transparent-header-meta":"default","adv-header-id-meta":"","stick-header-meta":"","header-above-stick-meta":"","header-main-stick-meta":"","header-below-stick-meta":"","astra-migrate-meta-layouts":"default","ast-page-background-enabled":"default","ast-page-background-meta":{"desktop":{"background-color":"","background-image":"","background-repeat":"repeat","background-position":"center center","background-size":"auto","background-attachment":"scroll","background-type":"","background-media":"","overlay-type":"","overlay-color":"","overlay-gradient":""},"tablet":{"background-color":"","background-image":"","background-repeat":"repeat","background-position":"center center","background-size":"auto","background-attachment":"scroll","background-type":"","background-media":"","overlay-type":"","overlay-color":"","overlay-gradient":""},"mobile":{"background-color":"","background-image":"","background-repeat":"repeat","background-position":"center center","background-size":"auto","background-attachment":"scroll","background-type":"","background-media":"","overlay-type":"","overlay-color":"","overlay-gradient":""}},"ast-content-background-meta":{"desktop":{"background-color":"var(--ast-global-color-5)","background-image":"","background-repeat":"repeat","background-position":"center center","background-size":"auto","background-attachment":"scroll","background-type":"","background-media":"","overlay-type":"","overlay-color":"","overlay-gradient":""},"tablet":{"background-color":"var(--ast-global-color-5)","background-image":"","background-repeat":"repeat","background-position":"center center","background-size":"auto","background-attachment":"scroll","background-type":"","background-media":"","overlay-type":"","overlay-color":"","overlay-gradient":""},"mobile":{"background-color":"var(--ast-global-color-5)","background-image":"","background-repeat":"repeat","background-position":"center center","background-size":"auto","background-attachment":"scroll","background-type":"","background-media":"","overlay-type":"","overlay-color":"","overlay-gradient":""}},"footnotes":""},"_links":{"self":[{"href":"https:\/\/kaindl-bgb.at\/index.php?rest_route=\/wp\/v2\/pages\/1155"}],"collection":[{"href":"https:\/\/kaindl-bgb.at\/index.php?rest_route=\/wp\/v2\/pages"}],"about":[{"href":"https:\/\/kaindl-bgb.at\/index.php?rest_route=\/wp\/v2\/types\/page"}],"author":[{"embeddable":true,"href":"https:\/\/kaindl-bgb.at\/index.php?rest_route=\/wp\/v2\/users\/2"}],"replies":[{"embeddable":true,"href":"https:\/\/kaindl-bgb.at\/index.php?rest_route=%2Fwp%2Fv2%2Fcomments&post=1155"}],"version-history":[{"count":91,"href":"https:\/\/kaindl-bgb.at\/index.php?rest_route=\/wp\/v2\/pages\/1155\/revisions"}],"predecessor-version":[{"id":3096,"href":"https:\/\/kaindl-bgb.at\/index.php?rest_route=\/wp\/v2\/pages\/1155\/revisions\/3096"}],"wp:attachment":[{"href":"https:\/\/kaindl-bgb.at\/index.php?rest_route=%2Fwp%2Fv2%2Fmedia&parent=1155"}],"curies":[{"name":"wp","href":"https:\/\/api.w.org\/{rel}","templated":true}]}}